{"id":2033,"date":"2025-08-29T09:38:52","date_gmt":"2025-08-29T09:38:52","guid":{"rendered":"https:\/\/veranoglobal.com\/br\/?page_id=2033"},"modified":"2025-08-29T09:42:20","modified_gmt":"2025-08-29T09:42:20","slug":"politicas-de-privacidade-e-processamento-de-dados","status":"publish","type":"page","link":"https:\/\/veranoglobal.com\/br\/politicas-de-privacidade-e-processamento-de-dados\/","title":{"rendered":"Pol\u00edticas de Privacidade e Processamento de Dados"},"content":{"rendered":"\t\t<div data-elementor-type=\"wp-page\" data-elementor-id=\"2033\" class=\"elementor elementor-2033\" data-elementor-settings=\"{&quot;element_pack_global_tooltip_width&quot;:{&quot;unit&quot;:&quot;px&quot;,&quot;size&quot;:&quot;&quot;,&quot;sizes&quot;:[]},&quot;element_pack_global_tooltip_width_tablet&quot;:{&quot;unit&quot;:&quot;px&quot;,&quot;size&quot;:&quot;&quot;,&quot;sizes&quot;:[]},&quot;element_pack_global_tooltip_width_mobile&quot;:{&quot;unit&quot;:&quot;px&quot;,&quot;size&quot;:&quot;&quot;,&quot;sizes&quot;:[]},&quot;element_pack_global_tooltip_padding&quot;:{&quot;unit&quot;:&quot;px&quot;,&quot;top&quot;:&quot;&quot;,&quot;right&quot;:&quot;&quot;,&quot;bottom&quot;:&quot;&quot;,&quot;left&quot;:&quot;&quot;,&quot;isLinked&quot;:true},&quot;element_pack_global_tooltip_padding_tablet&quot;:{&quot;unit&quot;:&quot;px&quot;,&quot;top&quot;:&quot;&quot;,&quot;right&quot;:&quot;&quot;,&quot;bottom&quot;:&quot;&quot;,&quot;left&quot;:&quot;&quot;,&quot;isLinked&quot;:true},&quot;element_pack_global_tooltip_padding_mobile&quot;:{&quot;unit&quot;:&quot;px&quot;,&quot;top&quot;:&quot;&quot;,&quot;right&quot;:&quot;&quot;,&quot;bottom&quot;:&quot;&quot;,&quot;left&quot;:&quot;&quot;,&quot;isLinked&quot;:true},&quot;element_pack_global_tooltip_border_radius&quot;:{&quot;unit&quot;:&quot;px&quot;,&quot;top&quot;:&quot;&quot;,&quot;right&quot;:&quot;&quot;,&quot;bottom&quot;:&quot;&quot;,&quot;left&quot;:&quot;&quot;,&quot;isLinked&quot;:true},&quot;element_pack_global_tooltip_border_radius_tablet&quot;:{&quot;unit&quot;:&quot;px&quot;,&quot;top&quot;:&quot;&quot;,&quot;right&quot;:&quot;&quot;,&quot;bottom&quot;:&quot;&quot;,&quot;left&quot;:&quot;&quot;,&quot;isLinked&quot;:true},&quot;element_pack_global_tooltip_border_radius_mobile&quot;:{&quot;unit&quot;:&quot;px&quot;,&quot;top&quot;:&quot;&quot;,&quot;right&quot;:&quot;&quot;,&quot;bottom&quot;:&quot;&quot;,&quot;left&quot;:&quot;&quot;,&quot;isLinked&quot;:true}}\" data-elementor-post-type=\"page\">\n\t\t\t\t<div class=\"elementor-element elementor-element-f1ac456 e-flex e-con-boxed e-con e-parent\" data-id=\"f1ac456\" data-element_type=\"container\" data-e-type=\"container\">\n\t\t\t\t\t<div class=\"e-con-inner\">\n\t\t\t\t<div class=\"elementor-element elementor-element-642765c elementor-widget elementor-widget-heading\" data-id=\"642765c\" data-element_type=\"widget\" data-e-type=\"widget\" data-widget_type=\"heading.default\">\n\t\t\t\t<div class=\"elementor-widget-container\">\n\t\t\t\t\t<h1 class=\"elementor-heading-title elementor-size-default\">Politicas de Privacidad Y Tratamiento de Datos<\/h1>\t\t\t\t<\/div>\n\t\t\t\t<\/div>\n\t\t\t\t\t<\/div>\n\t\t\t\t<\/div>\n\t\t<div class=\"elementor-element elementor-element-cfc7aa2 e-flex e-con-boxed e-con e-parent\" data-id=\"cfc7aa2\" data-element_type=\"container\" data-e-type=\"container\">\n\t\t\t\t\t<div class=\"e-con-inner\">\n\t\t\t\t<div class=\"elementor-element elementor-element-977a0a5 elementor-widget elementor-widget-text-editor\" data-id=\"977a0a5\" data-element_type=\"widget\" data-e-type=\"widget\" data-widget_type=\"text-editor.default\">\n\t\t\t\t<div class=\"elementor-widget-container\">\n\t\t\t\t\t\t\t\t\t<div id=\"model-response-message-contentr_e42a91e39730384f\" class=\"markdown markdown-main-panel stronger enable-updated-hr-color\" dir=\"ltr\"><h3><b>1. Identifica\u00e7\u00e3o do respons\u00e1vel<\/b><\/h3><p>A Verano Ingenier\u00eda LTDA, doravante denominada &#8220;A Empresa&#8221; ou &#8220;Empresa&#8221;, com NIT 9003218885 e sede na Av Cra 7 #156-80, Escrit\u00f3rio 1103, North Point, Torre 1, Bogot\u00e1 \u2013 Col\u00f4mbia, \u00e9 respons\u00e1vel pelo tratamento dos dados pessoais coletados atrav\u00e9s do site Verano.com.co. Se precisar entrar em contato com a empresa em rela\u00e7\u00e3o ao tratamento dos seus dados pessoais, voc\u00ea pode faz\u00ea-lo atrav\u00e9s do e-mail info@veranoglobal.com ou pelo telefone (+57) 601 656 08 72. Esta pol\u00edtica tem como objetivo cumprir o estabelecido na Lei 1581 de 2012, seu decreto regulamentar 1377 de 2013 e demais normas correlatas que regulam o direito constitucional dos cidad\u00e3os de autorizar o tratamento de seus dados pessoais, bem como de conhecer, atualizar e retificar as informa\u00e7\u00f5es que tenham sido coletadas sobre eles em bases de dados ou em arquivos de entidades p\u00fablicas e privadas. A empresa toma as precau\u00e7\u00f5es necess\u00e1rias para proteger as informa\u00e7\u00f5es dos usu\u00e1rios e visitantes do site Verano.com.co em conformidade com as leis colombianas e n\u00e3o colombianas, conforme o caso, aplic\u00e1veis sobre o tema.<\/p><p>A Verano Per\u00fa S.A.C., doravante denominada &#8220;A Empresa&#8221; ou &#8220;Empresa&#8221;, com RUC 20523467892 e sede na Calle Fidel Olivas Escudero 123 Urb. Pando ET. I PI 1 San Miguel &#8211; Lima &#8211; Peru, \u00e9 respons\u00e1vel pelo tratamento dos dados pessoais coletados atrav\u00e9s do site Verano.com.pe. Se precisar entrar em contato com a empresa em rela\u00e7\u00e3o ao tratamento dos seus dados pessoais, voc\u00ea pode faz\u00ea-lo atrav\u00e9s do e-mail info@veranoglobal.com ou pelo telefone (+51) 164094360. Esta pol\u00edtica tem como objetivo cumprir o estabelecido na Lei n\u00ba 29733, Lei de Prote\u00e7\u00e3o de Dados Pessoais, e seu Regulamento aprovado pelo Decreto Supremo n\u00ba 003-2013-JUS, que regulam o direito constitucional dos cidad\u00e3os de autorizar o tratamento de seus dados pessoais, bem como de conhecer, atualizar e retificar as informa\u00e7\u00f5es que tenham sido coletadas sobre eles em bases de dados ou em arquivos de entidades p\u00fablicas e privadas. A empresa toma as precau\u00e7\u00f5es necess\u00e1rias para proteger as informa\u00e7\u00f5es dos usu\u00e1rios e visitantes do site Verano.com.pe em conformidade com as leis peruanas e n\u00e3o peruanas, conforme o caso, aplic\u00e1veis sobre o tema.<\/p><p>No Equador, ser\u00e1 aplicada a Lei Org\u00e2nica de Prote\u00e7\u00e3o de Dados Pessoais, publicada no Registro Oficial n\u00ba 229 de 20 de maio de 2019 e seu respectivo Regulamento Geral. A Verano del Ecuador S.A., doravante denominada &#8220;A Empresa&#8221; ou &#8220;Empresa&#8221;, com RUC 0992739614001 e sede na Av. Rep\u00fablica del Salvador N 36-161 e Av. NNUU, Of. 503 Edificio El Rey Quito \u2014 Equador, \u00e9 respons\u00e1vel pelo tratamento dos dados pessoais coletados atrav\u00e9s do site Verano.com.ec. Se precisar entrar em contato com a empresa em rela\u00e7\u00e3o ao tratamento dos seus dados pessoais, voc\u00ea pode faz\u00ea-lo atrav\u00e9s do e-mail info@veranoglobal.com ou pelo telefone (+57) 601 656 08 72. Esta pol\u00edtica tem como objetivo cumprir o estabelecido na Lei Org\u00e2nica de Prote\u00e7\u00e3o de Dados Pessoais, publicada no Registro Oficial n\u00ba 229 de 20 de maio de 2019 e seu respectivo Regulamento Geral, que regulam o direito constitucional dos cidad\u00e3os de autorizar o tratamento de seus dados pessoais, bem como de conhecer, atualizar e retificar as informa\u00e7\u00f5es que tenham sido coletadas sobre eles em bases de dados ou em arquivos de entidades p\u00fablicas e privadas. A empresa toma as precau\u00e7\u00f5es necess\u00e1rias para proteger as informa\u00e7\u00f5es dos usu\u00e1rios e visitantes do site Verano.com.ec em conformidade com as leis equatorianas e n\u00e3o equatorianas, conforme o caso, aplic\u00e1veis sobre o tema.<\/p><p>No M\u00e9xico, a Pol\u00edtica de Prote\u00e7\u00e3o de Dados ser\u00e1 regida pela Lei Federal de Prote\u00e7\u00e3o de Dados Pessoais em Posse de Particulares, publicada no Di\u00e1rio Oficial da Federa\u00e7\u00e3o em 5 de julho de 2010 e seu Regulamento. A Verano Ingenier\u00eda de M\u00e9xico S.A de C.V., doravante denominada &#8220;A Empresa&#8221; ou &#8220;Empresa&#8221;, com RFC VIM101208MF2 e sede na Calle San Pedro 14, Lomas de San Agust\u00edn, M\u00e9xico D.F &#8211; M\u00e9xico, \u00e9 respons\u00e1vel pelo tratamento dos dados pessoais coletados atrav\u00e9s do site Verano.com.mx. Se precisar entrar em contato com a empresa em rela\u00e7\u00e3o ao tratamento dos seus dados pessoais, voc\u00ea pode faz\u00ea-lo atrav\u00e9s do e-mail info@veranoglobal.com ou pelo telefone (+52) 5585265552. Esta pol\u00edtica tem como objetivo cumprir o estabelecido na Lei Federal de Prote\u00e7\u00e3o de Dados Pessoais em Posse de Particulares, publicada no Di\u00e1rio Oficial da Federa\u00e7\u00e3o em 5 de julho de 2010 e seu Regulamento, que regulam o direito constitucional dos cidad\u00e3os de autorizar o tratamento de seus dados pessoais, bem como de conhecer, atualizar e retificar as informa\u00e7\u00f5es que tenham sido coletadas sobre eles em bases de dados ou em arquivos de entidades p\u00fablicas e privadas. A empresa toma as precau\u00e7\u00f5es necess\u00e1rias para proteger as informa\u00e7\u00f5es dos usu\u00e1rios e visitantes do site Verano.com.mx em conformidade com as leis mexicanas e n\u00e3o mexicanas, conforme o caso, aplic\u00e1veis sobre o tema.<\/p><p>\u00a0<\/p><h3><b>2. Finalidades do tratamento<\/b><\/h3><p>\u00a0<\/p><p>A empresa coleta os dados pessoais dos usu\u00e1rios e visitantes do site Verano.com.br para as seguintes finalidades: (i) para enviar informa\u00e7\u00f5es comerciais e consultorias relacionadas aos produtos e servi\u00e7os oferecidos pela empresa; (ii) para garantir e melhorar a usabilidade do servi\u00e7o, fornecer suporte t\u00e9cnico, realizar manuten\u00e7\u00e3o, atualiza\u00e7\u00f5es, atender a incidentes, inconvenientes, requisi\u00e7\u00f5es, reclama\u00e7\u00f5es e queixas; (iii) para fins administrativos, tais como cota\u00e7\u00f5es, faturamento, cobran\u00e7a, pedidos, compras, gest\u00e3o de pagamentos, assuntos trabalhistas e\/ou de gest\u00e3o de recursos humanos, refer\u00eancias, certifica\u00e7\u00f5es, entre outros; (iv) para o envio de informa\u00e7\u00f5es sobre novidades, not\u00edcias, boletins; (v) para realizar a\u00e7\u00f5es de intelig\u00eancia de neg\u00f3cios, cria\u00e7\u00e3o de ofertas personalizadas, prospec\u00e7\u00e3o de clientes, pesquisa e tend\u00eancias de mercado. \u00c9 importante ressaltar que as informa\u00e7\u00f5es recebidas dos usu\u00e1rios e visitantes em virtude do exposto acima n\u00e3o podem ser utilizadas por estes para fins publicit\u00e1rios, promocionais ou comerciais de qualquer natureza ou para qualquer outra atividade n\u00e3o relacionada ao site Verano.com.br, exceto com autoriza\u00e7\u00e3o expressa do titular da informa\u00e7\u00e3o.<\/p><p>\u00a0<\/p><h3><b>3. Consentimento do titular<\/b><\/h3><p>A empresa solicita aos usu\u00e1rios e visitantes do site Verano.com.br a sua autoriza\u00e7\u00e3o para utilizar os dados pessoais fornecidos no momento do registro, ou qualquer outro dado facilitado \u00e0 Empresa em qualquer momento, de acordo com o tipo de v\u00ednculo ou base de dados, com a finalidade de facilitar a rela\u00e7\u00e3o que se estabelece ou se pretende estabelecer, presta\u00e7\u00e3o dos servi\u00e7os solicitados, acesso a alguns dos servi\u00e7os, eventos, informa\u00e7\u00f5es, entre outros. Ao dar a sua autoriza\u00e7\u00e3o, o titular aceita que os dados pessoais fornecidos sejam utilizados de acordo com as finalidades estabelecidas na se\u00e7\u00e3o anterior e na pol\u00edtica de tratamento de dados pessoais da empresa. A autoriza\u00e7\u00e3o do titular ser\u00e1 considerada concedida de forma livre, volunt\u00e1ria, informada e expressa, e poder\u00e1 ser revogada a qualquer momento pelo titular dos dados, mediante um procedimento previsto na pol\u00edtica de tratamento de dados pessoais da empresa.<\/p><p>\u00a0<\/p><h3><b>4. Dados sens\u00edveis<\/b><\/h3><p>A EMPRESA n\u00e3o coletar\u00e1 nem processar\u00e1 dados sens\u00edveis, entendidos como aqueles que afetam a intimidade ou privacidade do titular, como informa\u00e7\u00f5es sobre a sa\u00fade, orienta\u00e7\u00e3o sexual, religi\u00e3o, filia\u00e7\u00e3o pol\u00edtica, entre outros.<\/p><p>\u00a0<\/p><h3><b>5. Direitos dos titulares<\/b><\/h3><p>Caso o titular da informa\u00e7\u00e3o deseje exercer algum de seus direitos, dever\u00e1 enviar sua solicita\u00e7\u00e3o, explicando de forma clara e detalhada o motivo de sua requisi\u00e7\u00e3o, os fatos que a sustentam, suas informa\u00e7\u00f5es de contato, os documentos que deseja apresentar e sua(s) pretens\u00e3o(\u00f5es) para o e-mail info@veranoglobal.com ou atrav\u00e9s do formul\u00e1rio de contato dispon\u00edvel no site Verano.com.br. Se a reclama\u00e7\u00e3o estiver incompleta, o interessado ser\u00e1 solicitado, dentro de tr\u00eas (3) dias \u00fateis seguintes ao recebimento da reclama\u00e7\u00e3o, a corrigir as falhas. Decorridos tr\u00eas (3) meses da data da solicita\u00e7\u00e3o, sem que o requerente apresente a informa\u00e7\u00e3o necess\u00e1ria, a reclama\u00e7\u00e3o ser\u00e1 considerada desistida. Caso a pessoa que receba a reclama\u00e7\u00e3o n\u00e3o seja competente para resolv\u00ea-la, ela a transferir\u00e1 para quem for competente em um prazo m\u00e1ximo de trinta (30) dias \u00fateis e informar\u00e1 a situa\u00e7\u00e3o ao interessado. As consultas ser\u00e3o respondidas em um prazo m\u00e1ximo de tr\u00eas (3) dias \u00fateis a partir da data de recebimento. Quando n\u00e3o for poss\u00edvel atender a consulta dentro desse prazo, a Empresa informar\u00e1 o interessado, expressando os motivos da demora e indicando a data em que a consulta ser\u00e1 atendida, a qual em nenhum caso poder\u00e1 exceder trinta (30) dias \u00fateis ap\u00f3s o vencimento do primeiro prazo. Em rela\u00e7\u00e3o \u00e0s queixas, o Titular ou seu sucessor s\u00f3 poder\u00e1 apresentar uma queixa \u00e0 autoridade competente ap\u00f3s ter esgotado o procedimento de consulta ou reclama\u00e7\u00e3o junto \u00e0 Empresa ou Encarregado do Tratamento, conforme o caso. O pedido de retirada ou exclus\u00e3o n\u00e3o ser\u00e1 aceito quando houver a obriga\u00e7\u00e3o contratual de mant\u00ea-lo na base de dados da Verano Ingenier\u00eda LTDA.<\/p><p>\u00a0<\/p><h3><b>6. Transfer\u00eancia internacional<\/b><\/h3><p>A empresa n\u00e3o realizar\u00e1 a transfer\u00eancia internacional de dados pessoais dos usu\u00e1rios para pa\u00edses terceiros. Todos os dados ser\u00e3o armazenados e tratados dentro do territ\u00f3rio da Col\u00f4mbia.<\/p><p>\u00a0<\/p><h3><b>7. Seguran\u00e7a dos dados<\/b><\/h3><p>A EMPRESA se compromete a implementar medidas t\u00e9cnicas e administrativas adequadas para garantir a prote\u00e7\u00e3o dos dados pessoais dos titulares, a fim de evitar acessos n\u00e3o autorizados, perda, destrui\u00e7\u00e3o, altera\u00e7\u00e3o ou divulga\u00e7\u00e3o indevida de tais dados. Para isso, s\u00e3o utilizadas ferramentas de seguran\u00e7a que se ajustam aos padr\u00f5es da ind\u00fastria, tais como firewalls, sistemas de detec\u00e7\u00e3o de intrusos, sistemas de monitoramento e controle de acesso, entre outros. Da mesma forma, a EMPRESA capacita e conscientiza constantemente seu pessoal sobre a import\u00e2ncia da prote\u00e7\u00e3o dos dados pessoais e seu tratamento adequado, a fim de garantir a confidencialidade, integridade e disponibilidade da informa\u00e7\u00e3o. Por outro lado, a EMPRESA realizar\u00e1 revis\u00f5es peri\u00f3dicas de suas medidas de seguran\u00e7a para garantir que se mantenham atualizadas e eficazes em todos os momentos. No entanto, devido \u00e0 pr\u00f3pria natureza das tecnologias e sistemas de informa\u00e7\u00e3o, \u00e9 poss\u00edvel que surjam riscos que n\u00e3o possam ser completamente mitigados, por isso a EMPRESA n\u00e3o ser\u00e1 respons\u00e1vel em caso de danos ou preju\u00edzos decorrentes da viola\u00e7\u00e3o das medidas de seguran\u00e7a, a menos que tal viola\u00e7\u00e3o tenha sido causada por neglig\u00eancia ou descumprimento da EMPRESA de suas obriga\u00e7\u00f5es legais e contratuais em mat\u00e9ria de prote\u00e7\u00e3o de dados pessoais.<\/p><p>\u00a0<\/p><h3><b>8. Prazo de conserva\u00e7\u00e3o<\/b><\/h3><p>Os dados pessoais dos usu\u00e1rios ser\u00e3o v\u00e1lidos por 5 anos para cumprir os usos e finalidades descritos nas Pol\u00edticas de Privacidade ou nos Termos e Condi\u00e7\u00f5es. Al\u00e9m do exposto, \u00e9 importante mencionar que, uma vez cumprido o prazo de conserva\u00e7\u00e3o, os dados pessoais ser\u00e3o eliminados das bases de dados da EMPRESA de forma segura e definitiva, a menos que exista alguma obriga\u00e7\u00e3o legal que impe\u00e7a sua elimina\u00e7\u00e3o. Da mesma forma, caso o titular dos dados solicite a elimina\u00e7\u00e3o de seus dados pessoais antes do prazo estabelecido, a solicita\u00e7\u00e3o ser\u00e1 atendida desde que n\u00e3o haja uma obriga\u00e7\u00e3o legal que impe\u00e7a sua elimina\u00e7\u00e3o e que a elimina\u00e7\u00e3o dos dados n\u00e3o afete direitos de terceiros ou interesses leg\u00edtimos da Empresa ou de terceiros. \u00c9 responsabilidade dos titulares garantir a veracidade e atualiza\u00e7\u00e3o dos dados pessoais fornecidos \u00e0 EMPRESA e, caso haja alguma altera\u00e7\u00e3o nos mesmos, dever\u00e3o notificar imediatamente a Empresa para que esta realize as atualiza\u00e7\u00f5es correspondentes.<\/p><p>\u00a0<\/p><h3><b>9. Confidencialidade<\/b><\/h3><p>A empresa se compromete a n\u00e3o vender, alugar ou compartilhar as informa\u00e7\u00f5es pessoais dos titulares, exceto nos casos previstos nesta pol\u00edtica de tratamento de dados pessoais. Nesse sentido, a empresa poder\u00e1 compartilhar as informa\u00e7\u00f5es pessoais dos titulares com terceiros, desde que tal transfer\u00eancia tenha como finalidade a presta\u00e7\u00e3o dos servi\u00e7os oferecidos pela Empresa. Os titulares da informa\u00e7\u00e3o autorizam expressamente a Empresa a transferir total ou parcialmente a responsabilidade sobre o tratamento das informa\u00e7\u00f5es pessoais dos usu\u00e1rios a sociedades controladas, controladoras e\/ou vinculadas \u00e0 Empresa e nas condi\u00e7\u00f5es que considerar pertinentes. A empresa se compromete a realizar as a\u00e7\u00f5es necess\u00e1rias para proteger a confidencialidade acordada com os titulares da informa\u00e7\u00e3o. Em qualquer caso, a Empresa zelar\u00e1 pelo adequado tratamento das informa\u00e7\u00f5es pessoais dos titulares, de acordo com as disposi\u00e7\u00f5es legais aplic\u00e1veis e a presente pol\u00edtica de tratamento de dados pessoais.<\/p><p>\u00a0<\/p><h3><b>10. Modifica\u00e7\u00f5es \u00e0 pol\u00edtica de tratamento de dados<\/b><\/h3><p>A presente <b>POL\u00cdTICA DE PRIVACIDADE E TRATAMENTO DE DADOS<\/b> pode ser modificada em virtude da din\u00e2mica comercial da EMPRESA e das condi\u00e7\u00f5es comerciais e legais do seu ambiente. As altera\u00e7\u00f5es ser\u00e3o comunicadas aos usu\u00e1rios e visitantes por meio de e-mail e em nenhum caso diminuir\u00e3o os esfor\u00e7os da EMPRESA em fun\u00e7\u00e3o da efic\u00e1cia no tratamento da informa\u00e7\u00e3o pessoal da qual \u00e9 respons\u00e1vel.<\/p><p>\u00a0<\/p><h3><b>11. Contato para solicita\u00e7\u00f5es de informa\u00e7\u00e3o ou exerc\u00edcio de direitos<\/b><\/h3><p>O contato para solicita\u00e7\u00f5es de informa\u00e7\u00f5es ou exerc\u00edcio de direitos relacionados ao tratamento de dados pessoais \u00e9 atrav\u00e9s do endere\u00e7o de e-mail info@veranoglobal.com ou pelo n\u00famero de telefone (+57) 601 656 08 72. Os usu\u00e1rios poder\u00e3o exercer seus direitos de acesso, atualiza\u00e7\u00e3o, retifica\u00e7\u00e3o, exclus\u00e3o e demais previstos pela normativa aplic\u00e1vel sobre prote\u00e7\u00e3o de dados pessoais. Da mesma forma, poder\u00e3o formular qualquer consulta ou reclama\u00e7\u00e3o relacionada \u00e0 prote\u00e7\u00e3o de seus dados pessoais atrav\u00e9s dos canais de contato mencionados anteriormente.<\/p><p>\u00a0<\/p><h3><b>12. Cookies<\/b><\/h3><p>A p\u00e1gina da web da EMPRESA utiliza cookies para melhorar a experi\u00eancia do usu\u00e1rio e fornecer informa\u00e7\u00f5es personalizadas sobre procedimentos e novidades que possam ser de seu interesse. Esses cookies permitem conhecer as necessidades, gostos e prefer\u00eancias do usu\u00e1rio com o objetivo de oferecer benef\u00edcios relevantes e \u00fateis atrav\u00e9s da plataforma. \u00c9 garantido que as informa\u00e7\u00f5es coletadas por meio dos cookies ser\u00e3o utilizadas apenas para fins internos e n\u00e3o ser\u00e3o compartilhadas com terceiros, em cumprimento das pol\u00edticas de privacidade e tratamento de dados pessoais.<\/p><\/div>\t\t\t\t\t\t\t\t<\/div>\n\t\t\t\t<\/div>\n\t\t\t\t\t<\/div>\n\t\t\t\t<\/div>\n\t\t\t\t<\/div>\n\t\t","protected":false},"excerpt":{"rendered":"<p>Politicas de Privacidad Y Tratamiento de Datos 1. Identifica\u00e7\u00e3o do respons\u00e1vel A Verano Ingenier\u00eda LTDA, doravante denominada &#8220;A Empresa&#8221; ou &#8220;Empresa&#8221;, com NIT 9003218885 e sede na Av Cra 7 #156-80, Escrit\u00f3rio 1103, North Point, Torre 1, Bogot\u00e1 \u2013 Col\u00f4mbia, \u00e9 respons\u00e1vel pelo tratamento dos dados pessoais coletados atrav\u00e9s do site Verano.com.co. Se precisar entrar [&hellip;]<\/p>\n","protected":false},"author":2,"featured_media":0,"parent":0,"menu_order":0,"comment_status":"closed","ping_status":"open","template":"","meta":{"_joinchat":[],"footnotes":""},"class_list":["post-2033","page","type-page","status-publish","hentry"],"yoast_head":"<!-- This site is optimized with the Yoast SEO plugin v27.4 - https:\/\/yoast.com\/product\/yoast-seo-wordpress\/ -->\n<title>Pol\u00edticas de Privacidade e Processamento de Dados - Verano Global<\/title>\n<meta name=\"robots\" content=\"index, follow, max-snippet:-1, max-image-preview:large, max-video-preview:-1\" \/>\n<link rel=\"canonical\" href=\"https:\/\/veranoglobal.com\/br\/politicas-de-privacidade-e-processamento-de-dados\/\" \/>\n<meta property=\"og:locale\" content=\"pt_BR\" \/>\n<meta property=\"og:type\" content=\"article\" \/>\n<meta property=\"og:title\" content=\"Pol\u00edticas de Privacidade e Processamento de Dados - Verano Global\" \/>\n<meta property=\"og:description\" content=\"Politicas de Privacidad Y Tratamiento de Datos 1. Identifica\u00e7\u00e3o do respons\u00e1vel A Verano Ingenier\u00eda LTDA, doravante denominada &#8220;A Empresa&#8221; ou &#8220;Empresa&#8221;, com NIT 9003218885 e sede na Av Cra 7 #156-80, Escrit\u00f3rio 1103, North Point, Torre 1, Bogot\u00e1 \u2013 Col\u00f4mbia, \u00e9 respons\u00e1vel pelo tratamento dos dados pessoais coletados atrav\u00e9s do site Verano.com.co. Se precisar entrar [&hellip;]\" \/>\n<meta property=\"og:url\" content=\"https:\/\/veranoglobal.com\/br\/politicas-de-privacidade-e-processamento-de-dados\/\" \/>\n<meta property=\"og:site_name\" content=\"Verano Global\" \/>\n<meta property=\"article:modified_time\" content=\"2025-08-29T09:42:20+00:00\" \/>\n<meta name=\"twitter:card\" content=\"summary_large_image\" \/>\n<meta name=\"twitter:label1\" content=\"Est. tempo de leitura\" \/>\n\t<meta name=\"twitter:data1\" content=\"10 minutos\" \/>\n<script type=\"application\/ld+json\" class=\"yoast-schema-graph\">{\"@context\":\"https:\\\/\\\/schema.org\",\"@graph\":[{\"@type\":\"WebPage\",\"@id\":\"https:\\\/\\\/veranoglobal.com\\\/br\\\/politicas-de-privacidade-e-processamento-de-dados\\\/\",\"url\":\"https:\\\/\\\/veranoglobal.com\\\/br\\\/politicas-de-privacidade-e-processamento-de-dados\\\/\",\"name\":\"Pol\u00edticas de Privacidade e Processamento de Dados - Verano Global\",\"isPartOf\":{\"@id\":\"https:\\\/\\\/veranoglobal.com\\\/br\\\/#website\"},\"datePublished\":\"2025-08-29T09:38:52+00:00\",\"dateModified\":\"2025-08-29T09:42:20+00:00\",\"breadcrumb\":{\"@id\":\"https:\\\/\\\/veranoglobal.com\\\/br\\\/politicas-de-privacidade-e-processamento-de-dados\\\/#breadcrumb\"},\"inLanguage\":\"pt-BR\",\"potentialAction\":[{\"@type\":\"ReadAction\",\"target\":[\"https:\\\/\\\/veranoglobal.com\\\/br\\\/politicas-de-privacidade-e-processamento-de-dados\\\/\"]}]},{\"@type\":\"BreadcrumbList\",\"@id\":\"https:\\\/\\\/veranoglobal.com\\\/br\\\/politicas-de-privacidade-e-processamento-de-dados\\\/#breadcrumb\",\"itemListElement\":[{\"@type\":\"ListItem\",\"position\":1,\"name\":\"Inicio\",\"item\":\"https:\\\/\\\/veranoglobal.com\\\/br\\\/es\\\/inicio\\\/\"},{\"@type\":\"ListItem\",\"position\":2,\"name\":\"Pol\u00edticas de Privacidade e Processamento de Dados\"}]},{\"@type\":\"WebSite\",\"@id\":\"https:\\\/\\\/veranoglobal.com\\\/br\\\/#website\",\"url\":\"https:\\\/\\\/veranoglobal.com\\\/br\\\/\",\"name\":\"Verano Global\",\"description\":\"Verano Global\",\"publisher\":{\"@id\":\"https:\\\/\\\/veranoglobal.com\\\/br\\\/#organization\"},\"potentialAction\":[{\"@type\":\"SearchAction\",\"target\":{\"@type\":\"EntryPoint\",\"urlTemplate\":\"https:\\\/\\\/veranoglobal.com\\\/br\\\/?s={search_term_string}\"},\"query-input\":{\"@type\":\"PropertyValueSpecification\",\"valueRequired\":true,\"valueName\":\"search_term_string\"}}],\"inLanguage\":\"pt-BR\"},{\"@type\":\"Organization\",\"@id\":\"https:\\\/\\\/veranoglobal.com\\\/br\\\/#organization\",\"name\":\"Verano Global\",\"url\":\"https:\\\/\\\/veranoglobal.com\\\/br\\\/\",\"logo\":{\"@type\":\"ImageObject\",\"inLanguage\":\"pt-BR\",\"@id\":\"https:\\\/\\\/veranoglobal.com\\\/br\\\/#\\\/schema\\\/logo\\\/image\\\/\",\"url\":\"https:\\\/\\\/veranoglobal.com\\\/br\\\/wp-content\\\/uploads\\\/2025\\\/08\\\/logo_verano_br-1.png\",\"contentUrl\":\"https:\\\/\\\/veranoglobal.com\\\/br\\\/wp-content\\\/uploads\\\/2025\\\/08\\\/logo_verano_br-1.png\",\"width\":805,\"height\":512,\"caption\":\"Verano Global\"},\"image\":{\"@id\":\"https:\\\/\\\/veranoglobal.com\\\/br\\\/#\\\/schema\\\/logo\\\/image\\\/\"}}]}<\/script>\n<!-- \/ Yoast SEO plugin. -->","yoast_head_json":{"title":"Pol\u00edticas de Privacidade e Processamento de Dados - Verano Global","robots":{"index":"index","follow":"follow","max-snippet":"max-snippet:-1","max-image-preview":"max-image-preview:large","max-video-preview":"max-video-preview:-1"},"canonical":"https:\/\/veranoglobal.com\/br\/politicas-de-privacidade-e-processamento-de-dados\/","og_locale":"pt_BR","og_type":"article","og_title":"Pol\u00edticas de Privacidade e Processamento de Dados - Verano Global","og_description":"Politicas de Privacidad Y Tratamiento de Datos 1. Identifica\u00e7\u00e3o do respons\u00e1vel A Verano Ingenier\u00eda LTDA, doravante denominada &#8220;A Empresa&#8221; ou &#8220;Empresa&#8221;, com NIT 9003218885 e sede na Av Cra 7 #156-80, Escrit\u00f3rio 1103, North Point, Torre 1, Bogot\u00e1 \u2013 Col\u00f4mbia, \u00e9 respons\u00e1vel pelo tratamento dos dados pessoais coletados atrav\u00e9s do site Verano.com.co. Se precisar entrar [&hellip;]","og_url":"https:\/\/veranoglobal.com\/br\/politicas-de-privacidade-e-processamento-de-dados\/","og_site_name":"Verano Global","article_modified_time":"2025-08-29T09:42:20+00:00","twitter_card":"summary_large_image","twitter_misc":{"Est. tempo de leitura":"10 minutos"},"schema":{"@context":"https:\/\/schema.org","@graph":[{"@type":"WebPage","@id":"https:\/\/veranoglobal.com\/br\/politicas-de-privacidade-e-processamento-de-dados\/","url":"https:\/\/veranoglobal.com\/br\/politicas-de-privacidade-e-processamento-de-dados\/","name":"Pol\u00edticas de Privacidade e Processamento de Dados - Verano Global","isPartOf":{"@id":"https:\/\/veranoglobal.com\/br\/#website"},"datePublished":"2025-08-29T09:38:52+00:00","dateModified":"2025-08-29T09:42:20+00:00","breadcrumb":{"@id":"https:\/\/veranoglobal.com\/br\/politicas-de-privacidade-e-processamento-de-dados\/#breadcrumb"},"inLanguage":"pt-BR","potentialAction":[{"@type":"ReadAction","target":["https:\/\/veranoglobal.com\/br\/politicas-de-privacidade-e-processamento-de-dados\/"]}]},{"@type":"BreadcrumbList","@id":"https:\/\/veranoglobal.com\/br\/politicas-de-privacidade-e-processamento-de-dados\/#breadcrumb","itemListElement":[{"@type":"ListItem","position":1,"name":"Inicio","item":"https:\/\/veranoglobal.com\/br\/es\/inicio\/"},{"@type":"ListItem","position":2,"name":"Pol\u00edticas de Privacidade e Processamento de Dados"}]},{"@type":"WebSite","@id":"https:\/\/veranoglobal.com\/br\/#website","url":"https:\/\/veranoglobal.com\/br\/","name":"Verano Global","description":"Verano Global","publisher":{"@id":"https:\/\/veranoglobal.com\/br\/#organization"},"potentialAction":[{"@type":"SearchAction","target":{"@type":"EntryPoint","urlTemplate":"https:\/\/veranoglobal.com\/br\/?s={search_term_string}"},"query-input":{"@type":"PropertyValueSpecification","valueRequired":true,"valueName":"search_term_string"}}],"inLanguage":"pt-BR"},{"@type":"Organization","@id":"https:\/\/veranoglobal.com\/br\/#organization","name":"Verano Global","url":"https:\/\/veranoglobal.com\/br\/","logo":{"@type":"ImageObject","inLanguage":"pt-BR","@id":"https:\/\/veranoglobal.com\/br\/#\/schema\/logo\/image\/","url":"https:\/\/veranoglobal.com\/br\/wp-content\/uploads\/2025\/08\/logo_verano_br-1.png","contentUrl":"https:\/\/veranoglobal.com\/br\/wp-content\/uploads\/2025\/08\/logo_verano_br-1.png","width":805,"height":512,"caption":"Verano Global"},"image":{"@id":"https:\/\/veranoglobal.com\/br\/#\/schema\/logo\/image\/"}}]}},"_links":{"self":[{"href":"https:\/\/veranoglobal.com\/br\/wp-json\/wp\/v2\/pages\/2033","targetHints":{"allow":["GET"]}}],"collection":[{"href":"https:\/\/veranoglobal.com\/br\/wp-json\/wp\/v2\/pages"}],"about":[{"href":"https:\/\/veranoglobal.com\/br\/wp-json\/wp\/v2\/types\/page"}],"author":[{"embeddable":true,"href":"https:\/\/veranoglobal.com\/br\/wp-json\/wp\/v2\/users\/2"}],"replies":[{"embeddable":true,"href":"https:\/\/veranoglobal.com\/br\/wp-json\/wp\/v2\/comments?post=2033"}],"version-history":[{"count":10,"href":"https:\/\/veranoglobal.com\/br\/wp-json\/wp\/v2\/pages\/2033\/revisions"}],"predecessor-version":[{"id":2043,"href":"https:\/\/veranoglobal.com\/br\/wp-json\/wp\/v2\/pages\/2033\/revisions\/2043"}],"wp:attachment":[{"href":"https:\/\/veranoglobal.com\/br\/wp-json\/wp\/v2\/media?parent=2033"}],"curies":[{"name":"wp","href":"https:\/\/api.w.org\/{rel}","templated":true}]}}