{"id":3,"date":"2025-05-02T15:06:19","date_gmt":"2025-05-02T15:06:19","guid":{"rendered":"https:\/\/veranoglobal.com\/br\/?page_id=3"},"modified":"2025-08-31T20:21:22","modified_gmt":"2025-08-31T23:21:22","slug":"privacy-policy","status":"publish","type":"page","link":"https:\/\/veranoglobal.com\/br\/es\/privacy-policy\/","title":{"rendered":"Politicas de Privacidad Y Tratamiento de Datos"},"content":{"rendered":"\t\t<div data-elementor-type=\"wp-page\" data-elementor-id=\"3\" class=\"elementor elementor-3\" data-elementor-settings=\"{&quot;element_pack_global_tooltip_width&quot;:{&quot;unit&quot;:&quot;px&quot;,&quot;size&quot;:&quot;&quot;,&quot;sizes&quot;:[]},&quot;element_pack_global_tooltip_width_tablet&quot;:{&quot;unit&quot;:&quot;px&quot;,&quot;size&quot;:&quot;&quot;,&quot;sizes&quot;:[]},&quot;element_pack_global_tooltip_width_mobile&quot;:{&quot;unit&quot;:&quot;px&quot;,&quot;size&quot;:&quot;&quot;,&quot;sizes&quot;:[]},&quot;element_pack_global_tooltip_padding&quot;:{&quot;unit&quot;:&quot;px&quot;,&quot;top&quot;:&quot;&quot;,&quot;right&quot;:&quot;&quot;,&quot;bottom&quot;:&quot;&quot;,&quot;left&quot;:&quot;&quot;,&quot;isLinked&quot;:true},&quot;element_pack_global_tooltip_padding_tablet&quot;:{&quot;unit&quot;:&quot;px&quot;,&quot;top&quot;:&quot;&quot;,&quot;right&quot;:&quot;&quot;,&quot;bottom&quot;:&quot;&quot;,&quot;left&quot;:&quot;&quot;,&quot;isLinked&quot;:true},&quot;element_pack_global_tooltip_padding_mobile&quot;:{&quot;unit&quot;:&quot;px&quot;,&quot;top&quot;:&quot;&quot;,&quot;right&quot;:&quot;&quot;,&quot;bottom&quot;:&quot;&quot;,&quot;left&quot;:&quot;&quot;,&quot;isLinked&quot;:true},&quot;element_pack_global_tooltip_border_radius&quot;:{&quot;unit&quot;:&quot;px&quot;,&quot;top&quot;:&quot;&quot;,&quot;right&quot;:&quot;&quot;,&quot;bottom&quot;:&quot;&quot;,&quot;left&quot;:&quot;&quot;,&quot;isLinked&quot;:true},&quot;element_pack_global_tooltip_border_radius_tablet&quot;:{&quot;unit&quot;:&quot;px&quot;,&quot;top&quot;:&quot;&quot;,&quot;right&quot;:&quot;&quot;,&quot;bottom&quot;:&quot;&quot;,&quot;left&quot;:&quot;&quot;,&quot;isLinked&quot;:true},&quot;element_pack_global_tooltip_border_radius_mobile&quot;:{&quot;unit&quot;:&quot;px&quot;,&quot;top&quot;:&quot;&quot;,&quot;right&quot;:&quot;&quot;,&quot;bottom&quot;:&quot;&quot;,&quot;left&quot;:&quot;&quot;,&quot;isLinked&quot;:true}}\" data-elementor-post-type=\"page\">\n\t\t\t\t<div class=\"elementor-element elementor-element-f1ac456 e-flex e-con-boxed e-con e-parent\" data-id=\"f1ac456\" data-element_type=\"container\" data-e-type=\"container\">\n\t\t\t\t\t<div class=\"e-con-inner\">\n\t\t\t\t<div class=\"elementor-element elementor-element-642765c elementor-widget elementor-widget-heading\" data-id=\"642765c\" data-element_type=\"widget\" data-e-type=\"widget\" data-widget_type=\"heading.default\">\n\t\t\t\t<div class=\"elementor-widget-container\">\n\t\t\t\t\t<h1 class=\"elementor-heading-title elementor-size-default\">Politicas de Privacidad Y Tratamiento de Datos<\/h1>\t\t\t\t<\/div>\n\t\t\t\t<\/div>\n\t\t\t\t\t<\/div>\n\t\t\t\t<\/div>\n\t\t<div class=\"elementor-element elementor-element-cfc7aa2 e-flex e-con-boxed e-con e-parent\" data-id=\"cfc7aa2\" data-element_type=\"container\" data-e-type=\"container\">\n\t\t\t\t\t<div class=\"e-con-inner\">\n\t\t\t\t<div class=\"elementor-element elementor-element-977a0a5 elementor-widget elementor-widget-text-editor\" data-id=\"977a0a5\" data-element_type=\"widget\" data-e-type=\"widget\" data-widget_type=\"text-editor.default\">\n\t\t\t\t<div class=\"elementor-widget-container\">\n\t\t\t\t\t\t\t\t\t<h2>1. Identificaci\u00f3n del responsable<\/h2><p class=\"privacy_parrafclass__8vZej\">Verano Ingenier\u00eda LTDA, en adelante denominada como &#8220;La empresa&#8221; o &#8220;Empresa&#8221;, con NIT 9003218885 y domicilio en la Av Cra 7 #156-80, Oficina 1103, North Point, Torre 1, Bogot\u00e1 \u2013 Colombia, es responsable del tratamiento de los datos personales que se recolecten a trav\u00e9s del sitio web Verano.com.co. Si necesitas contactar a la empresa en relaci\u00f3n al tratamiento de tus datos personales, puedes hacerlo a trav\u00e9s del correo electr\u00f3nico info@veranoglobal.com o del n\u00famero de tel\u00e9fono (+57) 601 656 08 72. La presente pol\u00edtica tiene como prop\u00f3sito dar cumplimiento a lo establecido en la Ley 1581 de 2012, su decreto reglamentario 1377 de 2013 y dem\u00e1s normas concordantes que regulan el derecho constitucional de los ciudadanos a autorizar el tratamiento de sus datos personales, as\u00ed como a conocer, actualizar y rectificar las informaciones que se hayan recogido sobre ellos en las bases de datos o en archivos de entidades p\u00fablicas y privadas. La empresa toma las precauciones necesarias para proteger la informaci\u00f3n de los usuarios y visitantes del sitio web Verano.com.co en concordancia con las leyes colombianas y no colombianas, seg\u00fan el caso, aplicables sobre la materia.<\/p><p class=\"privacy_parrafclass__8vZej\">Verano Per\u00fa S.A.C., en adelante denominada como &#8220;La empresa&#8221; o &#8220;Empresa&#8221;, con RUC 20523467892 y domicilio en la Calle Fidel Olivas Escudero 123 Urb. Pando ET. I PI 1 San Miguel &#8211; Lima &#8211; Peru, es responsable del tratamiento de los datos personales que se recolecten a trav\u00e9s del sitio web Verano.com.pe. Si necesitas contactar a la empresa en relaci\u00f3n al tratamiento de tus datos personales, puedes hacerlo a trav\u00e9s del correo electr\u00f3nico info@veranoglobal.com o del n\u00famero de tel\u00e9fono (+51) 164094360. La presente pol\u00edtica tiene como prop\u00f3sito dar cumplimiento a lo establecido en la Ley N\u00b0 29733, Ley de Protecci\u00f3n de Datos Personales, y su Reglamento aprobado mediante Decreto Supremo N\u00b0 003-2013-JUS, que regulan el derecho constitucional de los ciudadanos a autorizar el tratamiento de sus datos personales, as\u00ed como a conocer, actualizar y rectificar las informaciones que se hayan recogido sobre ellos en las bases de datos o en archivos de entidades p\u00fablicas y privadas. La empresa toma las precauciones necesarias para proteger la informaci\u00f3n de los usuarios y visitantes del sitio web Verano.com.co en concordancia con las leyes peruanas y no peruanas, seg\u00fan el caso, aplicables sobre la materia.<\/p><p class=\"privacy_parrafclass__8vZej\">En Ecuador, se aplicar\u00e1 la Ley Org\u00e1nica de Protecci\u00f3n de Datos Personales, publicada en el Registro Oficial No. 229 del 20 de mayo de 2019 y su respectivo Reglamento General. Verano del Ecuador S.A., en adelante denominada como &#8220;La empresa&#8221; o &#8220;Empresa&#8221;, con RUC 0992739614001 y domicilio en la Av. Rep\u00fablica del Salvador N 36-161 y Av. NNUU, Of. 503 Edificio El Rey Quito \u2014 Ecuador, es responsable del tratamiento de los datos personales que se recolecten a trav\u00e9s del sitio web Verano.com.co. Si necesitas contactar a la empresa en relaci\u00f3n al tratamiento de tus datos personales, puedes hacerlo a trav\u00e9s del correo electr\u00f3nico info@veranoglobal.com o del n\u00famero de tel\u00e9fono (+57) 601 656 08 72. La presente pol\u00edtica tiene como prop\u00f3sito dar cumplimiento a lo establecido en la Ley Org\u00e1nica de Protecci\u00f3n de Datos Personales, publicada en el Registro Oficial No. 229 del 20 de mayo de 2019 y su respectivo Reglamento General, que regulan el derecho constitucional de los ciudadanos a autorizar el tratamiento de sus datos personales, as\u00ed como a conocer, actualizar y rectificar las informaciones que se hayan recogido sobre ellos en las bases de datos o en archivos de entidades p\u00fablicas y privadas. La empresa toma las precauciones necesarias para proteger la informaci\u00f3n de los usuarios y visitantes del sitio web Verano.com.ec en concordancia con las leyes ecuatorianas y no ecuatorianas, seg\u00fan el caso, aplicables sobre la materia.<\/p><p class=\"privacy_parrafclass__8vZej\">En M\u00e9xico, la Pol\u00edtica de Protecci\u00f3n de Datos se regir\u00e1 por la Ley Federal de Protecci\u00f3n de Datos Personales en Posesi\u00f3n de los Particulares, publicada en el Diario Oficial de la Federaci\u00f3n el 5 de julio de 2010 y su Reglamento. Verano Ingenier\u00eda de M\u00e9xico S.A de C.V., en adelante denominada como &#8220;La empresa&#8221; o &#8220;Empresa&#8221;, con RFC VIM101208MF2 y domicilio en Calle San Pedro 14, Lomas de San Agust\u00edn, M\u00e9xico D.F &#8211; M\u00e9xico, es responsable del tratamiento de los datos personales que se recolecten a trav\u00e9s del sitio web Verano.com.co. Si necesitas contactar a la empresa en relaci\u00f3n al tratamiento de tus datos personales, puedes hacerlo a trav\u00e9s del correo electr\u00f3nico info@veranoglobal.com o del n\u00famero de tel\u00e9fono (+52) 5585265552. La presente pol\u00edtica tiene como prop\u00f3sito dar cumplimiento a lo establecido en la Ley Federal de Protecci\u00f3n de Datos Personales en Posesi\u00f3n de los Particulares, publicada en el Diario Oficial de la Federaci\u00f3n el 5 de julio de 2010 y su Reglamento, que regulan el derecho constitucional de los ciudadanos a autorizar el tratamiento de sus datos personales, as\u00ed como a conocer, actualizar y rectificar las informaciones que se hayan recogido sobre ellos en las bases de datos o en archivos de entidades p\u00fablicas y privadas. La empresa toma las precauciones necesarias para proteger la informaci\u00f3n de los usuarios y visitantes del sitio web Verano.com.co en concordancia con las leyes mexicanas y no mexicanas, seg\u00fan el caso, aplicables sobre la materia.<\/p><h2>2. Finalidades del tratamiento<\/h2><p class=\"privacy_parrafclass__8vZej\">La empresa recolecta los datos personales de los usuarios y visitantes del sitio web Verano.com.co con las siguientes finalidades: (i) para enviar informaci\u00f3n comercial y asesor\u00edas relacionadas con los productos y servicios ofrecidos por la empresa; (ii) para garantizar y mejorar la usabilidad del servicio, brindar soporte t\u00e9cnico, realizar mantenimiento, actualizaciones, atender incidentes, inconvenientes, requerimientos, quejas y reclamos; (iii) para efectos administrativos, tales como cotizaciones, facturaci\u00f3n, recaudo, pedidos, compras, gesti\u00f3n de pagos, asuntos laborales y\/o de gesti\u00f3n de recursos humanos, referencias, certificaciones, entre otros; (iv) para realizar el env\u00edo de informaci\u00f3n de novedades, noticias, boletines; (v) para llevar a cabo acciones de inteligencia de negocios, creaci\u00f3n de ofertas a la medida, prospectiva de clientes, investigaci\u00f3n y tendencias de mercado. Es importante destacar que la informaci\u00f3n recibida por usuarios y visitantes en virtud de lo anterior no podr\u00e1 ser utilizada por estos con fines publicitarios o promocionales o comerciales de cualquier \u00edndole o para cualquier otra actividad no relacionada con el sitio web Verano.com.co, salvo autorizaci\u00f3n expresa del titular de la informaci\u00f3n.<\/p><h2>3. Consentimiento del titular<\/h2><p class=\"privacy_parrafclass__8vZej\">La empresa solicita a los usuarios y visitantes del sitio web Verano.com.co su autorizaci\u00f3n para utilizar sus datos personales aportados al momento de su registro, o cualquier otro dato facilitado a La empresa en cualquier momento, de acuerdo al tipo de vinculaci\u00f3n o base de datos, con la finalidad de facilitar la relaci\u00f3n que se establece o se pretende establecer, prestaci\u00f3n de los servicios solicitados, acceso a algunos de los servicios, eventos, informaci\u00f3n, entre otros. Al dar su autorizaci\u00f3n, el titular acepta que los datos personales facilitados sean utilizados de acuerdo con las finalidades establecidas en el apartado anterior y en la pol\u00edtica de tratamiento de datos personales de la empresa. La autorizaci\u00f3n del titular se entender\u00e1 otorgada de manera libre, voluntaria, informada y expresa, y podr\u00e1 ser revocada en cualquier momento por el titular de los datos, mediante un procedimiento previsto en la pol\u00edtica de tratamiento de datos personales de la empresa.<\/p><h2>4. Datos sensibles<\/h2><p class=\"privacy_parrafclass__8vZej\">La EMPRESA no recolectar\u00e1 ni procesar\u00e1 datos sensibles, entendidos como aquellos que afectan la intimidad o privacidad del titular, como informaci\u00f3n sobre la salud, la orientaci\u00f3n sexual, la religi\u00f3n, la filiaci\u00f3n pol\u00edtica, entre otros.<\/p><h2>5. Derechos de los titulares<\/h2><p class=\"privacy_parrafclass__8vZej\">En caso de que el titular de la informaci\u00f3n desee ejercer alguno de sus derechos, deber\u00e1 enviar su solicitud, explicando de forma clara y detallada el motivo de su requerimiento, los hechos que la sustentan, su informaci\u00f3n de contacto, los documentos que quiera hacer valer y su(s) pretensi\u00f3n(es) al correo electr\u00f3nico info@veranoglobal.com o por medio del formulario de contacto disponible en el sitio web Verano.com.co. Si el reclamo resulta incompleto, se requerir\u00e1 al interesado dentro de los tres (3) d\u00edas vigentes siguientes a la recepci\u00f3n del reclamo para que subsane las fallas. Transcurridos tres (3) meses desde la fecha del requerimiento, sin que el solicitante presente la informaci\u00f3n requerida, se entender\u00e1 que ha desistido del reclamo. En caso de que quien reciba el reclamo no sea competente para resolverlo, dar\u00e1 traslado a quien corresponda en un t\u00e9rmino m\u00e1ximo de treinta (30) d\u00edas h\u00e1biles e informar\u00e1 de la situaci\u00f3n al interesado. Las consultas ser\u00e1n atendidas en un t\u00e9rmino m\u00e1ximo de tres (3) d\u00edas h\u00e1biles contados a partir de la fecha de recibo de la misma. Cuando no fuere posible atender la consulta dentro de dicho t\u00e9rmino, La Empresa informar\u00e1 al interesado, expresando los motivos de la demora y se\u00f1alando la fecha en que se atender\u00e1 su consulta, la cual en ning\u00fan caso podr\u00e1 superar los treinta (30) d\u00edas h\u00e1biles siguientes al vencimiento del primer t\u00e9rmino. En relaci\u00f3n con las quejas, el Titular o causahabiente s\u00f3lo podr\u00e1 elevar queja ante la autoridad competente una vez haya agotado el tr\u00e1mite de consulta o reclamo ante La Empresa o Encargado del Tratamiento, seg\u00fan el caso. La solicitud de retiro o supresi\u00f3n no proceder\u00e1 cuando exista el deber contractual de mantenerlo en la base de datos de Verano Ingenier\u00eda LTDA.<\/p><h2>6. Transferencia internacional<\/h2><p class=\"privacy_parrafclass__8vZej\">La empresa no realizar\u00e1 transferencia internacional de los datos personales de los usuarios a terceros pa\u00edses. Todos los datos ser\u00e1n almacenados y tratados dentro del territorio de Colombia.<\/p><h2>7. Seguridad de los datos<\/h2><p class=\"privacy_parrafclass__8vZej\">LA EMPRESA se compromete a implementar medidas t\u00e9cnicas y administrativas adecuadas para garantizar la protecci\u00f3n de los datos personales de los titulares, con el fin de evitar accesos no autorizados, p\u00e9rdida, destrucci\u00f3n, alteraci\u00f3n o divulgaci\u00f3n indebida de dichos datos. Para ello, se utilizan herramientas de seguridad que se ajustan a los est\u00e1ndares de la industria, tales como firewalls, sistemas de detecci\u00f3n de intrusos, sistemas de monitoreo y control de acceso, entre otros. Asimismo, LA EMPRESA capacita y sensibiliza constantemente a su personal sobre la importancia de la protecci\u00f3n de los datos personales y su tratamiento adecuado, a fin de garantizar la confidencialidad, integridad y disponibilidad de la informaci\u00f3n. Por otro lado, LA EMPRESA realizar\u00e1 revisiones peri\u00f3dicas de sus medidas de seguridad para garantizar que se mantengan actualizadas y efectivas en todo momento. Sin embargo, debido a la naturaleza misma de las tecnolog\u00edas y sistemas de informaci\u00f3n, es posible que se presenten riesgos que no puedan ser completamente mitigados, por lo que LA EMPRESA no ser\u00e1 responsable en caso de da\u00f1os o perjuicios derivados de la vulneraci\u00f3n de las medidas de seguridad, salvo que dicha vulneraci\u00f3n haya sido causada por negligencia o incumplimiento de LA EMPRESA de sus obligaciones legales y contractuales en materia de protecci\u00f3n de datos personales.<\/p><h2>8. Plazo de conservaci\u00f3n<\/h2><p class=\"privacy_parrafclass__8vZej\">Los datos personales de los usuarios estar\u00e1n vigentes durante 5 a\u00f1os para cumplir los usos y finalidades descritos en las Pol\u00edticas de Privacidad o en los T\u00e9rminos y Condiciones. A\u00f1adiendo lo anterior, es importante mencionar que una vez cumplido el plazo de conservaci\u00f3n, los datos personales ser\u00e1n eliminados de las bases de datos de LA EMPRESA de manera segura y definitiva, salvo que exista alguna obligaci\u00f3n legal que impida su eliminaci\u00f3n. Asimismo, en caso de que el titular de los datos solicite la eliminaci\u00f3n de sus datos personales antes del plazo establecido, se atender\u00e1 dicha solicitud siempre y cuando no exista una obligaci\u00f3n legal que impida su eliminaci\u00f3n y que la eliminaci\u00f3n de los datos no afecte derechos de terceros o intereses leg\u00edtimos de la Empresa o de terceros. Es responsabilidad de los titulares garantizar la veracidad y actualizaci\u00f3n de los datos personales suministrados a LA EMPRESA, y en caso de que exista alg\u00fan cambio en los mismos, deber\u00e1n notificarlo de manera inmediata a la Empresa para que \u00e9sta realice las actualizaciones correspondientes.<\/p><h2>9. Confidencialidad<\/h2><p class=\"privacy_parrafclass__8vZej\">La empresa se compromete a no vender, alquilar o compartir la informaci\u00f3n personal de los titulares, salvo en los casos previstos en esta pol\u00edtica de tratamiento de datos personales. En este sentido, la empresa podr\u00e1 compartir la informaci\u00f3n personal de los titulares con terceros, siempre y cuando dicha transferencia tenga como finalidad la prestaci\u00f3n de los servicios ofrecidos por La empresa. Los titulares de la informaci\u00f3n autorizan expresamente a La empresa para que transfiera total o parcialmente la responsabilidad sobre el tratamiento de la informaci\u00f3n personal de los usuarios a sociedades controladas, controlantes y\/o vinculadas con La empresa y condiciones que estime pertinentes. La empresa se compromete a realizar las gestiones necesarias para proteger la confidencialidad acordada con los titulares de la informaci\u00f3n. En cualquier caso, La empresa velar\u00e1 por el adecuado tratamiento de la informaci\u00f3n personal de los titulares, de acuerdo con las disposiciones legales aplicables y la presente pol\u00edtica de tratamiento de datos personales.<\/p><h2>10. Modificaciones a la pol\u00edtica de tratamiento de datos<\/h2><p class=\"privacy_parrafclass__8vZej\">La presente POL\u00cdTICA DE PRIVACIDAD Y TRATAMIENTO DE DATOS puede ser modificada en virtud de la din\u00e1mica comercial de LA empresa y de las condiciones comerciales y legales del entorno de la misma. Los cambios ser\u00e1n comunicados a los usuarios y visitantes a trav\u00e9s de correo electr\u00f3nico y en ning\u00fan caso disminuir\u00e1n los esfuerzos de LA empresa en funci\u00f3n de la eficacia en el tratamiento de la informaci\u00f3n personal de la cual es responsable.<\/p><h2>11. Contacto para solicitudes de informaci\u00f3n o ejercicio de derechos<\/h2><p class=\"privacy_parrafclass__8vZej\">El contacto para solicitudes de informaci\u00f3n o ejercicio de derechos relacionados con el tratamiento de datos personales es a trav\u00e9s de la direcci\u00f3n de correo electr\u00f3nico info@veranoglobal.com o mediante el n\u00famero telef\u00f3nico (+57) 601 656 08 72. Los usuarios podr\u00e1n ejercer sus derechos de acceso, actualizaci\u00f3n, rectificaci\u00f3n, supresi\u00f3n y dem\u00e1s previstos por la normativa aplicable sobre protecci\u00f3n de datos personales. Asimismo, podr\u00e1n formular cualquier consulta o reclamaci\u00f3n relacionada con la protecci\u00f3n de sus datos personales a trav\u00e9s de los canales de contacto antes mencionados.<\/p><h2>12. Cookies<\/h2><p class=\"privacy_parrafclass__8vZej\">La p\u00e1gina web de LA EMPRESA utiliza cookies para mejorar la experiencia del usuario y brindar informaci\u00f3n personalizada sobre tr\u00e1mites y novedades que puedan ser de su inter\u00e9s. Estas cookies permiten conocer las necesidades, gustos y preferencias del usuario con el fin de ofrecer beneficios relevantes y \u00fatiles a trav\u00e9s de la plataforma. Se garantiza que la informaci\u00f3n recopilada mediante las cookies se utilizar\u00e1 \u00fanicamente con fines internos y no se compartir\u00e1 con terceros, en cumplimiento de las pol\u00edticas de privacidad y tratamiento de datos personales.<\/p>\t\t\t\t\t\t\t\t<\/div>\n\t\t\t\t<\/div>\n\t\t\t\t\t<\/div>\n\t\t\t\t<\/div>\n\t\t\t\t<\/div>\n\t\t","protected":false},"excerpt":{"rendered":"<p>Politicas de Privacidad Y Tratamiento de Datos 1. Identificaci\u00f3n del responsable Verano Ingenier\u00eda LTDA, en adelante denominada como &#8220;La empresa&#8221; o &#8220;Empresa&#8221;, con NIT 9003218885 y domicilio en la Av Cra 7 #156-80, Oficina 1103, North Point, Torre 1, Bogot\u00e1 \u2013 Colombia, es responsable del tratamiento de los datos personales que se recolecten a trav\u00e9s [&hellip;]<\/p>\n","protected":false},"author":2,"featured_media":0,"parent":0,"menu_order":0,"comment_status":"closed","ping_status":"open","template":"elementor_canvas","meta":{"_joinchat":[],"footnotes":""},"class_list":["post-3","page","type-page","status-publish","hentry"],"yoast_head":"<!-- This site is optimized with the Yoast SEO plugin v27.4 - https:\/\/yoast.com\/product\/yoast-seo-wordpress\/ -->\n<title>Politicas de Privacidad Y Tratamiento de Datos - Verano Global<\/title>\n<meta name=\"robots\" content=\"index, follow, max-snippet:-1, max-image-preview:large, max-video-preview:-1\" \/>\n<link rel=\"canonical\" href=\"https:\/\/veranoglobal.com\/br\/es\/privacy-policy\/\" \/>\n<meta property=\"og:locale\" content=\"pt_BR\" \/>\n<meta property=\"og:type\" content=\"article\" \/>\n<meta property=\"og:title\" content=\"Politicas de Privacidad Y Tratamiento de Datos - Verano Global\" \/>\n<meta property=\"og:description\" content=\"Politicas de Privacidad Y Tratamiento de Datos 1. Identificaci\u00f3n del responsable Verano Ingenier\u00eda LTDA, en adelante denominada como &#8220;La empresa&#8221; o &#8220;Empresa&#8221;, con NIT 9003218885 y domicilio en la Av Cra 7 #156-80, Oficina 1103, North Point, Torre 1, Bogot\u00e1 \u2013 Colombia, es responsable del tratamiento de los datos personales que se recolecten a trav\u00e9s [&hellip;]\" \/>\n<meta property=\"og:url\" content=\"https:\/\/veranoglobal.com\/br\/es\/privacy-policy\/\" \/>\n<meta property=\"og:site_name\" content=\"Verano Global\" \/>\n<meta property=\"article:modified_time\" content=\"2025-08-31T23:21:22+00:00\" \/>\n<meta name=\"twitter:card\" content=\"summary_large_image\" \/>\n<meta name=\"twitter:label1\" content=\"Est. tempo de leitura\" \/>\n\t<meta name=\"twitter:data1\" content=\"14 minutos\" \/>\n<script type=\"application\/ld+json\" class=\"yoast-schema-graph\">{\"@context\":\"https:\\\/\\\/schema.org\",\"@graph\":[{\"@type\":\"WebPage\",\"@id\":\"https:\\\/\\\/veranoglobal.com\\\/br\\\/es\\\/privacy-policy\\\/\",\"url\":\"https:\\\/\\\/veranoglobal.com\\\/br\\\/es\\\/privacy-policy\\\/\",\"name\":\"Politicas de Privacidad Y Tratamiento de Datos - Verano Global\",\"isPartOf\":{\"@id\":\"https:\\\/\\\/veranoglobal.com\\\/br\\\/#website\"},\"datePublished\":\"2025-05-02T15:06:19+00:00\",\"dateModified\":\"2025-08-31T23:21:22+00:00\",\"breadcrumb\":{\"@id\":\"https:\\\/\\\/veranoglobal.com\\\/br\\\/es\\\/privacy-policy\\\/#breadcrumb\"},\"inLanguage\":\"pt-BR\",\"potentialAction\":[{\"@type\":\"ReadAction\",\"target\":[\"https:\\\/\\\/veranoglobal.com\\\/br\\\/es\\\/privacy-policy\\\/\"]}]},{\"@type\":\"BreadcrumbList\",\"@id\":\"https:\\\/\\\/veranoglobal.com\\\/br\\\/es\\\/privacy-policy\\\/#breadcrumb\",\"itemListElement\":[{\"@type\":\"ListItem\",\"position\":1,\"name\":\"Inicio\",\"item\":\"https:\\\/\\\/veranoglobal.com\\\/br\\\/es\\\/inicio\\\/\"},{\"@type\":\"ListItem\",\"position\":2,\"name\":\"Politicas de Privacidad Y Tratamiento de Datos\"}]},{\"@type\":\"WebSite\",\"@id\":\"https:\\\/\\\/veranoglobal.com\\\/br\\\/#website\",\"url\":\"https:\\\/\\\/veranoglobal.com\\\/br\\\/\",\"name\":\"Verano Global\",\"description\":\"Verano Global\",\"publisher\":{\"@id\":\"https:\\\/\\\/veranoglobal.com\\\/br\\\/#organization\"},\"potentialAction\":[{\"@type\":\"SearchAction\",\"target\":{\"@type\":\"EntryPoint\",\"urlTemplate\":\"https:\\\/\\\/veranoglobal.com\\\/br\\\/?s={search_term_string}\"},\"query-input\":{\"@type\":\"PropertyValueSpecification\",\"valueRequired\":true,\"valueName\":\"search_term_string\"}}],\"inLanguage\":\"pt-BR\"},{\"@type\":\"Organization\",\"@id\":\"https:\\\/\\\/veranoglobal.com\\\/br\\\/#organization\",\"name\":\"Verano Global\",\"url\":\"https:\\\/\\\/veranoglobal.com\\\/br\\\/\",\"logo\":{\"@type\":\"ImageObject\",\"inLanguage\":\"pt-BR\",\"@id\":\"https:\\\/\\\/veranoglobal.com\\\/br\\\/#\\\/schema\\\/logo\\\/image\\\/\",\"url\":\"https:\\\/\\\/veranoglobal.com\\\/br\\\/wp-content\\\/uploads\\\/2025\\\/08\\\/logo_verano_br-1.png\",\"contentUrl\":\"https:\\\/\\\/veranoglobal.com\\\/br\\\/wp-content\\\/uploads\\\/2025\\\/08\\\/logo_verano_br-1.png\",\"width\":805,\"height\":512,\"caption\":\"Verano Global\"},\"image\":{\"@id\":\"https:\\\/\\\/veranoglobal.com\\\/br\\\/#\\\/schema\\\/logo\\\/image\\\/\"}}]}<\/script>\n<!-- \/ Yoast SEO plugin. -->","yoast_head_json":{"title":"Politicas de Privacidad Y Tratamiento de Datos - Verano Global","robots":{"index":"index","follow":"follow","max-snippet":"max-snippet:-1","max-image-preview":"max-image-preview:large","max-video-preview":"max-video-preview:-1"},"canonical":"https:\/\/veranoglobal.com\/br\/es\/privacy-policy\/","og_locale":"pt_BR","og_type":"article","og_title":"Politicas de Privacidad Y Tratamiento de Datos - Verano Global","og_description":"Politicas de Privacidad Y Tratamiento de Datos 1. Identificaci\u00f3n del responsable Verano Ingenier\u00eda LTDA, en adelante denominada como &#8220;La empresa&#8221; o &#8220;Empresa&#8221;, con NIT 9003218885 y domicilio en la Av Cra 7 #156-80, Oficina 1103, North Point, Torre 1, Bogot\u00e1 \u2013 Colombia, es responsable del tratamiento de los datos personales que se recolecten a trav\u00e9s [&hellip;]","og_url":"https:\/\/veranoglobal.com\/br\/es\/privacy-policy\/","og_site_name":"Verano Global","article_modified_time":"2025-08-31T23:21:22+00:00","twitter_card":"summary_large_image","twitter_misc":{"Est. tempo de leitura":"14 minutos"},"schema":{"@context":"https:\/\/schema.org","@graph":[{"@type":"WebPage","@id":"https:\/\/veranoglobal.com\/br\/es\/privacy-policy\/","url":"https:\/\/veranoglobal.com\/br\/es\/privacy-policy\/","name":"Politicas de Privacidad Y Tratamiento de Datos - Verano Global","isPartOf":{"@id":"https:\/\/veranoglobal.com\/br\/#website"},"datePublished":"2025-05-02T15:06:19+00:00","dateModified":"2025-08-31T23:21:22+00:00","breadcrumb":{"@id":"https:\/\/veranoglobal.com\/br\/es\/privacy-policy\/#breadcrumb"},"inLanguage":"pt-BR","potentialAction":[{"@type":"ReadAction","target":["https:\/\/veranoglobal.com\/br\/es\/privacy-policy\/"]}]},{"@type":"BreadcrumbList","@id":"https:\/\/veranoglobal.com\/br\/es\/privacy-policy\/#breadcrumb","itemListElement":[{"@type":"ListItem","position":1,"name":"Inicio","item":"https:\/\/veranoglobal.com\/br\/es\/inicio\/"},{"@type":"ListItem","position":2,"name":"Politicas de Privacidad Y Tratamiento de Datos"}]},{"@type":"WebSite","@id":"https:\/\/veranoglobal.com\/br\/#website","url":"https:\/\/veranoglobal.com\/br\/","name":"Verano Global","description":"Verano Global","publisher":{"@id":"https:\/\/veranoglobal.com\/br\/#organization"},"potentialAction":[{"@type":"SearchAction","target":{"@type":"EntryPoint","urlTemplate":"https:\/\/veranoglobal.com\/br\/?s={search_term_string}"},"query-input":{"@type":"PropertyValueSpecification","valueRequired":true,"valueName":"search_term_string"}}],"inLanguage":"pt-BR"},{"@type":"Organization","@id":"https:\/\/veranoglobal.com\/br\/#organization","name":"Verano Global","url":"https:\/\/veranoglobal.com\/br\/","logo":{"@type":"ImageObject","inLanguage":"pt-BR","@id":"https:\/\/veranoglobal.com\/br\/#\/schema\/logo\/image\/","url":"https:\/\/veranoglobal.com\/br\/wp-content\/uploads\/2025\/08\/logo_verano_br-1.png","contentUrl":"https:\/\/veranoglobal.com\/br\/wp-content\/uploads\/2025\/08\/logo_verano_br-1.png","width":805,"height":512,"caption":"Verano Global"},"image":{"@id":"https:\/\/veranoglobal.com\/br\/#\/schema\/logo\/image\/"}}]}},"_links":{"self":[{"href":"https:\/\/veranoglobal.com\/br\/wp-json\/wp\/v2\/pages\/3","targetHints":{"allow":["GET"]}}],"collection":[{"href":"https:\/\/veranoglobal.com\/br\/wp-json\/wp\/v2\/pages"}],"about":[{"href":"https:\/\/veranoglobal.com\/br\/wp-json\/wp\/v2\/types\/page"}],"author":[{"embeddable":true,"href":"https:\/\/veranoglobal.com\/br\/wp-json\/wp\/v2\/users\/2"}],"replies":[{"embeddable":true,"href":"https:\/\/veranoglobal.com\/br\/wp-json\/wp\/v2\/comments?post=3"}],"version-history":[{"count":7,"href":"https:\/\/veranoglobal.com\/br\/wp-json\/wp\/v2\/pages\/3\/revisions"}],"predecessor-version":[{"id":1372,"href":"https:\/\/veranoglobal.com\/br\/wp-json\/wp\/v2\/pages\/3\/revisions\/1372"}],"wp:attachment":[{"href":"https:\/\/veranoglobal.com\/br\/wp-json\/wp\/v2\/media?parent=3"}],"curies":[{"name":"wp","href":"https:\/\/api.w.org\/{rel}","templated":true}]}}